{"id":191,"date":"2024-10-02T08:57:23","date_gmt":"2024-10-02T08:57:23","guid":{"rendered":"https:\/\/www.pastryart.cz\/?page_id=191"},"modified":"2025-05-13T07:11:10","modified_gmt":"2025-05-13T07:11:10","slug":"obchodni-podminky","status":"publish","type":"page","link":"https:\/\/www.pastryart.cz\/?page_id=191","title":{"rendered":"Obchodn\u00ed podm\u00ednky"},"content":{"rendered":"<div class=\"wp-block-group alignwide has-global-padding is-layout-constrained wp-block-group-is-layout-constrained\"><h1 class=\"wp-block-heading alignwide has-large-font-size\" style=\"line-height:1.2\">V\u0161eobecn\u00e9 obchodn\u00ed podm\u00ednky platn\u00e9 pro kurzy&nbsp;<\/h1>\n\n<p class=\"has-small-font-size\"><strong>1. \u00davodn\u00ed ujedn\u00e1n\u00ed<\/strong><\/p>\n\n<p class=\"has-small-font-size\">1. Tyto obchodn\u00ed podm\u00ednky (d\u00e1le jen \u201eobchodn\u00ed podm\u00ednky\u201c) upravuj\u00ed v&nbsp;souladu s&nbsp;ustanoven\u00edm \u00a7&nbsp;1751 z\u00e1kona \u010d. 89\/2012 Sb., ob\u010dansk\u00fd z\u00e1kon\u00edk ve zn\u011bn\u00ed pozd\u011bj\u0161\u00edch p\u0159edpis\u016f (d\u00e1le jen \u201eo.z.\u201c) vz\u00e1jemn\u00e1 pr\u00e1va a povinnosti smluvn\u00edch stran vznikl\u00e9 v&nbsp;souvislosti nebo na z\u00e1klad\u011b kupn\u00ed smlouvy (d\u00e1le jen \u201eSmlouva\u201c) mezi Ivou Roh\u00e1\u010dovou, I\u010c:&nbsp;68272073, se&nbsp;s\u00eddlem Hornick\u00e1 397, 27304 Ka\u010dice, jako\u017eto prod\u00e1vaj\u00edc\u00ed (d\u00e1le jen \u201eProd\u00e1vaj\u00edc\u00ed\u201c) a jinou fyzickou osobou (d\u00e1le jen \u201eKupuj\u00edc\u00ed\u201c).<\/p>\n\n<p class=\"has-small-font-size\">2. Ujedn\u00e1n\u00ed ve Smlouv\u011b, kter\u00e1 jsou odchyln\u00e1 od ujedn\u00e1n\u00ed obsa\u017een\u00fdch v&nbsp;obchodn\u00edch podm\u00ednk\u00e1ch maj\u00ed p\u0159ednost.<\/p>\n\n<p class=\"has-small-font-size\">3. Ujedn\u00e1n\u00ed obchodn\u00edch podm\u00ednek jsou ned\u00edlnou sou\u010d\u00e1st\u00ed Smlouvy.<\/p>\n\n<p class=\"has-small-font-size\">4. Prod\u00e1vaj\u00edc\u00ed si vyhrazuje mo\u017enost jednostrann\u011b m\u011bnit nebo dopl\u0148ovat obchodn\u00ed podm\u00ednky, kdy t\u00edmto ujedn\u00e1n\u00edm nejsou dot\u010dena pr\u00e1va a povinnosti vznikl\u00e9 po dobu \u00fa\u010dinnosti p\u0159edchoz\u00edho zn\u011bn\u00ed obchodn\u00edch podm\u00ednek.<\/p>\n\n<p class=\"has-small-font-size\">5. Prod\u00e1vaj\u00edc\u00ed u\u017e\u00edv\u00e1 pro propagaci sv\u00e9 podnikatelsk\u00e9 \u010dinnosti webov\u00e9 str\u00e1nky na adrese www.pastryart.cz<\/p>\n\n<p class=\"has-small-font-size\">6. Prod\u00e1vaj\u00edc\u00edho je mo\u017en\u00e9 kontaktovat:<\/p>\n\n<p class=\"has-small-font-size\">a. telefonicky na \u010d\u00edsle&nbsp;<a href=\"tel:+420777282918\">+420&nbsp;777 282918<\/a><\/p>\n\n<p class=\"has-small-font-size\">b. prost\u0159ednictv\u00edm e-mailov\u00e9 adresy :&nbsp;<a href=\"mailto:iva@pastryart.cz\">iva@pastryart.cz<\/a><\/p>\n\n<p class=\"has-small-font-size\">c. osobn\u011b v&nbsp;m\u00edst\u011b podnik\u00e1n\u00ed.<\/p>\n\n<p class=\"has-small-font-size\"><strong>2.&nbsp; Uzav\u0159en\u00ed, obsah a odstoupen\u00ed od Smlouvy<\/strong><\/p>\n\n<p class=\"has-small-font-size\">Smlouva se pova\u017euje za uzav\u0159enou po p\u00edsemn\u00e9m nebo \u00fastn\u00edm potvrzen\u00ed objedn\u00e1vky ze strany dodavatele. Pokud je pro v\u00fdrobu po\u017eadov\u00e1na z\u00e1loha, pova\u017euje se objedn\u00e1vka za potvrzenou dnem slo\u017een\u00ed z\u00e1lohov\u00e9 platby na \u00fa\u010det dodavatele, nebo osobn\u00edm p\u0159ed\u00e1n\u00ed proti potvrzen\u00ed o p\u0159ijet\u00ed z\u00e1lohov\u00e9 platby. Dodavatel si vyhrazuje pr\u00e1vo kdykoliv zru\u0161it rezervaci m\u00edsta z d\u016fvodu neslo\u017een\u00e9 z\u00e1lohov\u00e9 platby nebo po\u017eadovat zaplacen\u00ed p\u0159edem, pokud se mezi uzav\u0159en\u00edm smlouvy a poskytnut\u00edm slu\u017eby vyskytnou d\u016fvodn\u00e9 pochybnosti o solventnosti z\u00e1kazn\u00edka, nebo dojde k prodlen\u00ed s platbou splatn\u00fdch faktur. B\u011b\u017en\u00e1 zak\u00e1zka \u2013 objedn\u00e1vka je z\u00e1vazn\u00e1 po slo\u017een\u00ed z\u00e1lohov\u00e9 platby. V\u00fd\u0161i z\u00e1lohy ur\u010duje dodavatel.<\/p>\n\n<p class=\"has-small-font-size\">a. Odhl\u00e1\u0161en\u00ed se z kurzu nejpozd\u011bji 2 t\u00fddny p\u0159ed dohodnut\u00fdm term\u00ednem &#8211; vr\u00e1cen\u00ed cel\u00e9 platby<br>b. Odhl\u00e1\u0161en\u00ed se z kurzu nejpozd\u011bji 1 t\u00fdden p\u0159ed dohodnut\u00fdm term\u00ednem &#8211; storno poplatek 50% ze slo\u017een\u00e9 platby.<br>c. Odhl\u00e1\u0161en\u00ed se z kurzu m\u00e9n\u011b ne\u017e 1 t\u00fdden p\u0159ed dohodnut\u00fdm term\u00ednem &#8211; platba propad\u00e1 v pln\u00e9 v\u00fd\u0161i<br><\/p>\n\n<p class=\"has-small-font-size\">Kupuj\u00edc\u00ed se zavazuje z\u00fa\u010dastnit se kurzu a zaplatit za n\u011bj kupn\u00ed cenu. Prod\u00e1vaj\u00edc\u00ed se zavazuje pro Kupuj\u00edc\u00edho kurz uskute\u010dnit ve sjednan\u00e9m term\u00ednu.<\/p>\n\n<p class=\"has-small-font-size\">Objedn\u00e1vku Kupuj\u00edc\u00ed m\u016f\u017ee u Prod\u00e1vaj\u00edc\u00edho u\u010dinit:<\/p>\n\n<p class=\"has-small-font-size\">a. objedn\u00e1vkou na eshopu www.pastry.cz<\/p>\n\n<p class=\"has-small-font-size\">b. p\u00edsemn\u011b prost\u0159ednictv\u00edm e-mailov\u00e9 adresy uveden\u00e9 v&nbsp;odst. 1.6.b t\u011bchto obchodn\u00edch podm\u00ednek; nebo<\/p>\n\n<p class=\"has-small-font-size\">c. osobn\u011b v&nbsp;m\u00edst\u011b podnik\u00e1n\u00ed Prod\u00e1vaj\u00edc\u00edho<\/p>\n\n<p class=\"has-small-font-size\"><\/p>\n\n<p class=\"has-small-font-size\">U\u010din\u011bn\u00edm objedn\u00e1vky Kupuj\u00edc\u00ed souhlas\u00ed s&nbsp;obchodn\u00edmi podm\u00ednkami Prod\u00e1vaj\u00edc\u00edho a t\u011bmito se hodl\u00e1 bez v\u00fdhrady \u0159\u00eddit.<\/p>\n\n<p class=\"has-small-font-size\">Objedn\u00e1vka se pova\u017euje za potvrzenou a\u017e potvrzen\u00edm Prod\u00e1vaj\u00edc\u00edho o p\u0159ijet\u00ed objedn\u00e1vky.<\/p>\n\n<p class=\"has-small-font-size\">Prod\u00e1vaj\u00edc\u00ed je opr\u00e1vn\u011bn objedn\u00e1vku odm\u00edtnout, v&nbsp;p\u0159\u00edpad\u011b, \u017ee:<\/p>\n\n<p class=\"has-small-font-size\">a. objedn\u00e1vka je u\u010din\u011bna ve lh\u016ft\u011b krat\u0161\u00ed ne\u017e uveden\u00e9 v&nbsp;odst. 2.6. t\u011bchto obchodn\u00edch podm\u00ednek<\/p>\n\n<p class=\"has-small-font-size\">b. kapacita Prod\u00e1vaj\u00edc\u00edho je napln\u011bna<\/p>\n\n<p class=\"has-small-font-size\">c.&nbsp; kontaktn\u00ed \u00fadaje Kupuj\u00edc\u00edho uveden\u00e9 v&nbsp;objedn\u00e1vce jsou nejasn\u00e9 nebo&nbsp;Kupuj\u00edc\u00edho nen\u00ed mo\u017en\u00e9 kontaktovat.<\/p>\n\n<p class=\"has-small-font-size\">Prod\u00e1vaj\u00edc\u00ed Kupuj\u00edc\u00edho o p\u0159ijet\u00ed nebo odm\u00edtnut\u00ed objedn\u00e1vky vyrozum\u00ed nejpozd\u011bji do 72 hodin od&nbsp;okam\u017eiku obdr\u017een\u00ed objedn\u00e1vky.<\/p>\n\n<p class=\"has-small-font-size\">Kupuj\u00edc\u00ed mus\u00ed sv\u016fj po\u017eadavek na zru\u0161en\u00ed objedn\u00e1vky, respektive Smlouvy, zaslat p\u00edsemn\u011b s&nbsp;mo\u017enost\u00ed doru\u010den\u00ed na e-mailovou adresu Prod\u00e1vaj\u00edc\u00edho uvedenou v&nbsp;odst. 1.6.b. t\u011bchto obchodn\u00edch podm\u00ednek, anebo prost\u0159ednictv\u00edm zpr\u00e1vy SMS na telefonn\u00ed \u010d\u00edslo Prod\u00e1vaj\u00edc\u00edho uveden\u00e9 v&nbsp;odst. 1.6.a t\u011bchto obchodn\u00edch podm\u00ednek.<\/p>\n\n<p class=\"has-small-font-size\">Vyhrazujeme si pr\u00e1vo prov\u00e1d\u011bt p\u0159im\u011b\u0159en\u00e9 zm\u011bny v\u00fdrobk\u016f, kter\u00e9 slou\u017e\u00ed v\u00fdlu\u010dn\u011b ke zlep\u0161en\u00ed v\u00fdrobk\u016f, a to i bez p\u0159edchoz\u00edho ozn\u00e1men\u00ed. Z v\u00fdrobn\u00edch, velikostn\u00edch i technologick\u00fdch d\u016fvod\u016f mohou objednan\u00e9 v\u00fdrobky vykazovat ve srovn\u00e1n\u00ed s dodanou p\u0159edlohou jist\u00e9 odchylky.<\/p>\n\n<p class=\"has-small-font-size\"><strong>3.&nbsp; Kupn\u00ed cena a jej\u00ed \u00fahrada<\/strong><\/p>\n\n<p class=\"has-small-font-size\">1.&nbsp;V\u0161echny ceny jsou uveden\u00e9 v \u010desk\u00fdch korun\u00e1ch. \u0158\u00edd\u00ed se aktu\u00e1ln\u00edm orienta\u010dn\u00edm cen\u00edkem a hrub\u00fdm odhadem na p\u0159\u00e1n\u00ed z\u00e1kazn\u00edka. Pro zak\u00e1zkovou v\u00fdrobu plat\u00ed v\u00fdlu\u010dn\u011b ceny orienta\u010dn\u00ed a specifick\u00e9 dle velikosti a n\u00e1ro\u010dnosti jednotliv\u00e9 zak\u00e1zky.<\/p>\n\n<p class=\"has-small-font-size\">2.&nbsp; Prod\u00e1vaj\u00edc\u00ed je opr\u00e1vn\u011bn po\u017eadovat z\u00e1lohu na kupn\u00ed cenu. Poskytnut\u00e1 z\u00e1loha se zapo\u010d\u00edt\u00e1v\u00e1 na \u00fahradu kupn\u00ed ceny v&nbsp;okam\u017eiku p\u0159evzet\u00ed V\u00fdrobku.<\/p>\n\n<p class=\"has-small-font-size\">3.&nbsp; \u00dahrada kupn\u00ed ceny je mo\u017en\u00e1:<\/p>\n\n<p class=\"has-small-font-size\">a. v&nbsp;hotovosti p\u0159i p\u0159evzet\u00ed V\u00fdrobku<br>b. bankovn\u00edm p\u0159evodem p\u0159ed vyzvednut\u00edm V\u00fdrobku&nbsp;&nbsp;<br>c. platebn\u00ed kartou<\/p>\n\n<p class=\"has-small-font-size\"><strong>4. P\u0159ed\u00e1n\u00ed V\u00fdrobku<\/strong><\/p>\n\n<p class=\"has-small-font-size\">1. Kupuj\u00edc\u00ed se z\u00fa\u010dastn\u00ed kurzu osobn\u011b v&nbsp;m\u00edst\u011b podnik\u00e1n\u00ed Prod\u00e1vaj\u00edc\u00edho. V&nbsp;p\u0159\u00edpad\u011b, \u017ee se z\u00fa\u010dastn\u00ed jin\u00e1 osoba ne\u017e Kupuj\u00edc\u00ed, mus\u00ed Kupuj\u00edc\u00ed Prod\u00e1vaj\u00edc\u00edho o t\u00e9to skute\u010dnosti p\u0159edem vyrozum\u011bt.<\/p>\n\n<p class=\"has-small-font-size\"><\/p>\n\n<p class=\"has-small-font-size\"><strong>5.&nbsp; Pr\u00e1vo z&nbsp;vadn\u00e9ho pln\u011bn\u00ed \u2013 Reklama\u010dn\u00ed \u0159\u00e1d<\/strong><\/p>\n\n<p class=\"has-small-font-size\">1. Pr\u00e1vo na vr\u00e1cen\u00ed zbo\u017e\u00ed &#8211; kurzovn\u00e9 za kurz, kter\u00fd se uskute\u010dnil nelze vr\u00e1tit, lze je reklamovat z d\u016fvodu vad. <\/p>\n\n<p class=\"has-small-font-size\">2. Kupuj\u00edc\u00ed je povinen na p\u0159\u00edpadn\u00e9 zjevn\u00e9 vady Prod\u00e1vaj\u00edc\u00edho upozornit. K&nbsp;pozd\u011bj\u0161\u00edmu ozn\u00e1men\u00ed zjevn\u00fdch vad nebude br\u00e1n z\u0159etel.<\/p>\n\n<p class=\"has-small-font-size\">3. Prod\u00e1vaj\u00edc\u00ed je s&nbsp;ohledem na vlastnosti Kurzu u\u010dinit volbu vypo\u0159\u00e1d\u00e1n\u00ed vady Kurzu, a to:<\/p>\n\n<p class=\"has-small-font-size\">a. odstran\u011bn\u00edm vady Kurzu;<\/p>\n\n<p class=\"has-small-font-size\">b. slevou z&nbsp;kupn\u00ed ceny; nebo<\/p>\n\n<p class=\"has-small-font-size\">c. vr\u00e1cen\u00edm kupn\u00ed ceny.<\/p>\n\n<p class=\"has-small-font-size\">5. Prod\u00e1vaj\u00edc\u00ed neodpov\u00edd\u00e1 za vady, kter\u00e9 vznikly v&nbsp;d\u016fsledku kon\u00e1n\u00ed Kupuj\u00edc\u00edho<\/p>\n\n<p class=\"has-small-font-size\"><strong>6. Pr\u00e1vo na prezentaci<\/strong><\/p>\n\n<p class=\"has-small-font-size\">Dodavatel m\u00e1 pr\u00e1vo pou\u017e\u00edt fotografie z v\u00fduky a hotov\u00fdch v\u00fdrobk\u016f k prezentaci a reklam\u011b tak, aby nebylo po\u0161kozeno dobr\u00e9 jm\u00e9no odb\u011bratele.<\/p>\n\n<p class=\"has-small-font-size\"><strong>7. Ochrana dat<\/strong><\/p>\n\n<p class=\"has-small-font-size\">Iva Roh\u00e1\u010dov\u00e1 jako spr\u00e1vce osobn\u00edch \u00fadaj\u016f (d\u00e1le ji\u017e jen \u201espr\u00e1vce\u201c) v souladu s obecn\u00fdm na\u0159\u00edzen\u00edm o ochran\u011b osobn\u00edch \u00fadaj\u016f (General Data Protection Regulation \u2013 GDPR) EU, \u00fa\u010dinn\u00e9ho od 25. 5. 2018 informuje o z\u00e1kladn\u00edch z\u00e1sad\u00e1ch a principech na z\u00e1klad\u011b kter\u00fdch zpracov\u00e1v\u00e1 osobn\u00ed \u00fadaje. Osobn\u00ed \u00fadaje spr\u00e1vce zpracov\u00e1v\u00e1 pouze po nezbytnou dobu.<\/p>\n\n<p class=\"has-small-font-size\"><strong>8. Z\u00e1v\u011bre\u010dn\u00e1 ujedn\u00e1n\u00ed<\/strong><\/p>\n\n<p class=\"has-small-font-size\">1. Smlouva mezi Prod\u00e1vaj\u00edc\u00edm a Kupuj\u00edc\u00edm se \u0159\u00edd\u00ed pr\u00e1vn\u00ed \u0159\u00e1dem \u010cesk\u00e9 republiky, zejm\u00e9na pak p\u0159\u00edslu\u0161n\u00fdmi ustanoven\u00edmi o.z.<\/p>\n\n<p class=\"has-small-font-size\">2. Prod\u00e1vaj\u00edc\u00ed jak\u00e9koliv osobn\u00ed \u00fadaje, kter\u00e9 mu budou sd\u011bleny Kupuj\u00edc\u00edm, u\u017eije v\u00fdhradn\u011b ke spln\u011bn\u00ed Smlouvy, a&nbsp;to zcela v&nbsp;souladu s&nbsp;pr\u00e1vn\u00edmi p\u0159edpisy na ochranu osobn\u00edch \u00fadaj\u016f, a tyto nebude uchov\u00e1vat d\u00e9le, ne\u017e na&nbsp;dobu nezbytn\u011b nutnou pro napln\u011bn\u00ed v\u0161ech jeho z\u00e1konn\u00fdch povinnost\u00ed.<\/p>\n\n<p class=\"has-small-font-size\">3. Zm\u011bny obchodn\u00edch podm\u00ednek nebo Smlouvy mohou b\u00fdt \u010din\u011bny pouze p\u00edsemn\u011b.<\/p>\n\n<p class=\"has-small-font-size\">4. Zm\u011bna obchodn\u00edch podm\u00ednek je \u00fa\u010dinn\u00e1 dnem jejich uve\u0159ejn\u011bn\u00ed na webov\u00fdch str\u00e1nk\u00e1ch Prod\u00e1vaj\u00edc\u00edho.<\/p>\n\n<p class=\"has-small-font-size\">Obchodn\u00ed podm\u00ednky vstupuj\u00ed v platnost dne 1. 12. 2020<\/p><\/div><h1 class=\"wp-block-heading alignwide has-large-font-size\" style=\"line-height:1.2\">V\u0161eobecn\u00e9 obchodn\u00ed podm\u00ednky platn\u00e9 pro zak\u00e1zkovou v\u00fdrobu&nbsp;<\/h1><p class=\"has-small-font-size\"><strong>1. \u00davodn\u00ed ujedn\u00e1n\u00ed<\/strong><\/p><p class=\"has-small-font-size\">1. Tyto obchodn\u00ed podm\u00ednky (d\u00e1le jen \u201eobchodn\u00ed podm\u00ednky\u201c) upravuj\u00ed v&nbsp;souladu s&nbsp;ustanoven\u00edm \u00a7&nbsp;1751 z\u00e1kona \u010d. 89\/2012 Sb., ob\u010dansk\u00fd z\u00e1kon\u00edk ve zn\u011bn\u00ed pozd\u011bj\u0161\u00edch p\u0159edpis\u016f (d\u00e1le jen \u201eo.z.\u201c) vz\u00e1jemn\u00e1 pr\u00e1va a povinnosti smluvn\u00edch stran vznikl\u00e9 v&nbsp;souvislosti nebo na z\u00e1klad\u011b kupn\u00ed smlouvy (d\u00e1le jen \u201eSmlouva\u201c) mezi Ivou Roh\u00e1\u010dovou, I\u010c:&nbsp;68272073, se&nbsp;s\u00eddlem Hornick\u00e1 397, 27304 Ka\u010dice, jako\u017eto prod\u00e1vaj\u00edc\u00ed (d\u00e1le jen \u201eProd\u00e1vaj\u00edc\u00ed\u201c) a jinou fyzickou osobou (d\u00e1le jen \u201eKupuj\u00edc\u00ed\u201c).<\/p><p class=\"has-small-font-size\">2. Ujedn\u00e1n\u00ed ve Smlouv\u011b, kter\u00e1 jsou odchyln\u00e1 od ujedn\u00e1n\u00ed obsa\u017een\u00fdch v&nbsp;obchodn\u00edch podm\u00ednk\u00e1ch maj\u00ed p\u0159ednost.<\/p><p class=\"has-small-font-size\">3. Ujedn\u00e1n\u00ed obchodn\u00edch podm\u00ednek jsou ned\u00edlnou sou\u010d\u00e1st\u00ed Smlouvy.<\/p><p class=\"has-small-font-size\">4. Prod\u00e1vaj\u00edc\u00ed si vyhrazuje mo\u017enost jednostrann\u011b m\u011bnit nebo dopl\u0148ovat obchodn\u00ed podm\u00ednky, kdy t\u00edmto ujedn\u00e1n\u00edm nejsou dot\u010dena pr\u00e1va a povinnosti vznikl\u00e9 po dobu \u00fa\u010dinnosti p\u0159edchoz\u00edho zn\u011bn\u00ed obchodn\u00edch podm\u00ednek.<\/p><p class=\"has-small-font-size\">5. Prod\u00e1vaj\u00edc\u00ed u\u017e\u00edv\u00e1 pro propagaci sv\u00e9 podnikatelsk\u00e9 \u010dinnosti webov\u00e9 str\u00e1nky na adrese www.cukrarstvikacice.cz<\/p><p class=\"has-small-font-size\">6. Prod\u00e1vaj\u00edc\u00edho je mo\u017en\u00e9 kontaktovat:<\/p><p class=\"has-small-font-size\">a. telefonicky na \u010d\u00edsle&nbsp;<a href=\"tel:+420777282918\">+420&nbsp;777 282918<\/a><\/p><p class=\"has-small-font-size\">b. prost\u0159ednictv\u00edm e-mailov\u00e9 adresy :&nbsp;<a href=\"mailto:info@cukrarstvikacice.cz\">info@cukrarstvikacice.cz<\/a><\/p><p class=\"has-small-font-size\">c. osobn\u011b v&nbsp;m\u00edst\u011b podnik\u00e1n\u00ed.<\/p><p class=\"has-small-font-size\"><strong>2.&nbsp; Uzav\u0159en\u00ed, obsah a odstoupen\u00ed od Smlouvy<\/strong><\/p><p class=\"has-small-font-size\">Smlouva se pova\u017euje za uzav\u0159enou po p\u00edsemn\u00e9m nebo \u00fastn\u00edm potvrzen\u00ed objedn\u00e1vky ze strany dodavatele. Pokud je pro v\u00fdrobu po\u017eadov\u00e1na z\u00e1loha, pova\u017euje se objedn\u00e1vka za potvrzenou dnem slo\u017een\u00ed z\u00e1lohov\u00e9 platby na \u00fa\u010det dodavatele, nebo osobn\u00edm p\u0159ed\u00e1n\u00ed proti potvrzen\u00ed o p\u0159ijet\u00ed z\u00e1lohov\u00e9 platby. Dodavatel si vyhrazuje pr\u00e1vo kdykoliv zastavit v\u00fdrobu z d\u016fvodu neslo\u017een\u00e9 z\u00e1lohov\u00e9 platby nebo po\u017eadovat zaplacen\u00ed p\u0159edem, pokud se mezi uzav\u0159en\u00edm smlouvy a poskytnut\u00edm slu\u017eby vyskytnou d\u016fvodn\u00e9 pochybnosti o solventnosti z\u00e1kazn\u00edka, nebo dojde k prodlen\u00ed s platbou splatn\u00fdch faktur. B\u011b\u017en\u00e1 zak\u00e1zka \u2013 objedn\u00e1vka je z\u00e1vazn\u00e1 po slo\u017een\u00ed z\u00e1lohov\u00e9 platby. V\u00fd\u0161i z\u00e1lohy ur\u010duje dodavatel.<\/p><p class=\"has-small-font-size\">a. Zru\u0161en\u00ed zak\u00e1zky nejpozd\u011bji 2 t\u00fddny p\u0159ed dohodnut\u00fdm term\u00ednem &#8211; vr\u00e1cen\u00ed cel\u00e9 z\u00e1lohov\u00e9 platby<br>b. Zru\u0161en\u00ed zak\u00e1zky nejpozd\u011bji 1 t\u00fdden p\u0159ed dohodnut\u00fdm term\u00ednem &#8211; storno poplatek 50% ze slo\u017een\u00e9 z\u00e1lohov\u00e9 platby.<br>c. Zru\u0161en\u00ed zak\u00e1zky m\u00e9n\u011b ne\u017e t\u0159i dny p\u0159ed dohodnut\u00fdm term\u00ednem &#8211; z\u00e1lohov\u00e1 platba propad\u00e1 v pln\u00e9 v\u00fd\u0161i<br>d. Svatba\/ nebo zak\u00e1zka v\u011bt\u0161\u00edch rozm\u011br\u016f \u2013 objedn\u00e1vka je z\u00e1vazn\u00e1 po slo\u017een\u00ed z\u00e1lohov\u00e9 platby. V\u00fd\u0161i z\u00e1lohy ur\u010duje dodavatel. Zru\u0161en\u00ed zak\u00e1zky nejpozd\u011bji 1 m\u011bs\u00edc p\u0159ed dohodnut\u00fdm term\u00ednem &#8211; vr\u00e1cen\u00ed cel\u00e9 z\u00e1lohov\u00e9 platby Zru\u0161en\u00ed zak\u00e1zky nejpozd\u011bji 2 t\u00fddny p\u0159ed dohodnut\u00fdm term\u00ednem &#8211; storno poplatek 50% ze slo\u017een\u00e9 z\u00e1lohov\u00e9 platby. Zru\u0161en\u00ed zak\u00e1zky m\u00e9n\u011b ne\u017e dva t\u00fddny p\u0159ed dohodnut\u00fdm term\u00ednem &#8211; z\u00e1lohov\u00e1 platba propad\u00e1 v pln\u00e9 v\u00fd\u0161i.<\/p><p class=\"has-small-font-size\">Kupuj\u00edc\u00ed se zavazuje p\u0159evz\u00edt Prod\u00e1vaj\u00edc\u00edm zhotoven\u00fd V\u00fdrobek a zaplatit za n\u011bj kupn\u00ed cenu. Prod\u00e1vaj\u00edc\u00ed se zavazuje pro Kupuj\u00edc\u00edho V\u00fdrobek p\u0159ipravit k&nbsp;p\u0159evzet\u00ed ve sjednan\u00e9m term\u00ednu p\u0159evzet\u00ed V\u00fdrobku.<\/p><p class=\"has-small-font-size\">Objedn\u00e1vku Kupuj\u00edc\u00ed m\u016f\u017ee u Prod\u00e1vaj\u00edc\u00edho u\u010dinit:<\/p><p class=\"has-small-font-size\">a. p\u00edsemn\u011b prost\u0159ednictv\u00edm e-mailov\u00e9 adresy uveden\u00e9 v&nbsp;odst. 1.6.b t\u011bchto obchodn\u00edch podm\u00ednek; nebo<\/p><p class=\"has-small-font-size\">b. osobn\u011b v&nbsp;m\u00edst\u011b podnik\u00e1n\u00ed Prod\u00e1vaj\u00edc\u00edho<\/p><p class=\"has-small-font-size\">Kupuj\u00edc\u00ed v&nbsp;objedn\u00e1vce zejm\u00e9na uvede:<\/p><p class=\"has-small-font-size\">a. specifikaci v\u00fdrobku, kter\u00fd chce nechat vytvo\u0159it;<\/p><p class=\"has-small-font-size\">b. term\u00edn p\u0159evzet\u00ed v\u00fdrobku;&nbsp;<\/p><p class=\"has-small-font-size\">c. sv\u00e9 pravdiv\u00e9 kontaktn\u00ed \u00fadaje, zejm\u00e9na jm\u00e9no a p\u0159\u00edjmen\u00ed, telefonn\u00ed \u010d\u00edslo a e-mailovou adresu.<\/p><p class=\"has-small-font-size\">Objedn\u00e1vku m\u016f\u017ee Kupuj\u00edc\u00ed u\u010dinit nejm\u00e9n\u011b 14 kalend\u00e1\u0159n\u00edch dn\u00ed p\u0159ed v&nbsp;objedn\u00e1vce uveden\u00fdm term\u00ednem pro&nbsp;p\u0159evzet\u00ed. Pro svatebn\u00ed dorty a objedn\u00e1vky v\u011bt\u0161\u00edho rozsahu m\u016f\u017ee b\u00fdt tato lh\u016fta Prod\u00e1vaj\u00edc\u00edm jednostrann\u011b prodlou\u017eena a\u017e na 1 m\u011bs\u00edc. U\u010din\u011bn\u00edm objedn\u00e1vky Kupuj\u00edc\u00ed souhlas\u00ed s&nbsp;obchodn\u00edmi podm\u00ednkami Prod\u00e1vaj\u00edc\u00edho a t\u011bmito se hodl\u00e1 bez v\u00fdhrady \u0159\u00eddit.<\/p><p class=\"has-small-font-size\">Objedn\u00e1vka se pova\u017euje za potvrzenou a\u017e potvrzen\u00edm Prod\u00e1vaj\u00edc\u00edho o p\u0159ijet\u00ed objedn\u00e1vky.<\/p><p class=\"has-small-font-size\">Prod\u00e1vaj\u00edc\u00ed je opr\u00e1vn\u011bn objedn\u00e1vku odm\u00edtnout, v&nbsp;p\u0159\u00edpad\u011b, \u017ee:<\/p><p class=\"has-small-font-size\">a. objedn\u00e1vka je u\u010din\u011bna ve lh\u016ft\u011b krat\u0161\u00ed ne\u017e uveden\u00e9 v&nbsp;odst. 2.6. t\u011bchto obchodn\u00edch podm\u00ednek<\/p><p class=\"has-small-font-size\">b. v\u00fdrobn\u00ed kapacita Prod\u00e1vaj\u00edc\u00edho je napln\u011bna<\/p><p class=\"has-small-font-size\">c.&nbsp; kontaktn\u00ed \u00fadaje Kupuj\u00edc\u00edho uveden\u00e9 v&nbsp;objedn\u00e1vce jsou nejasn\u00e9 nebo&nbsp;Kupuj\u00edc\u00edho nen\u00ed mo\u017en\u00e9 kontaktovat.<\/p><p class=\"has-small-font-size\">Prod\u00e1vaj\u00edc\u00ed Kupuj\u00edc\u00edho o p\u0159ijet\u00ed nebo odm\u00edtnut\u00ed objedn\u00e1vky vyrozum\u00ed nejpozd\u011bji do 72 hodin od&nbsp;okam\u017eiku obdr\u017een\u00ed objedn\u00e1vky.<\/p><p class=\"has-small-font-size\">Prod\u00e1vaj\u00edc\u00ed v&nbsp;p\u0159ijet\u00ed objedn\u00e1vky uvede odhadovanou v\u00fdslednou cenu za V\u00fdrobek, nicm\u00e9n\u011b tato je pouze orienta\u010dn\u00ed a v\u00fdsledn\u00e1 cena se m\u016f\u017ee v&nbsp;z\u00e1vislosti na pou\u017eit\u00fdch surovin\u00e1ch li\u0161it. Kupuj\u00edc\u00ed tuto skute\u010dnost bere na v\u011bdom\u00ed a souhlas\u00ed s&nbsp;n\u00ed.<br><br>Kupuj\u00edc\u00ed mus\u00ed sv\u016fj po\u017eadavek na zru\u0161en\u00ed objedn\u00e1vky, respektive Smlouvy, zaslat p\u00edsemn\u011b s&nbsp;mo\u017enost\u00ed doru\u010den\u00ed na e-mailovou adresu Prod\u00e1vaj\u00edc\u00edho uvedenou v&nbsp;odst. 1.6.b. t\u011bchto obchodn\u00edch podm\u00ednek, anebo prost\u0159ednictv\u00edm zpr\u00e1vy SMS na telefonn\u00ed \u010d\u00edslo Prod\u00e1vaj\u00edc\u00edho uveden\u00e9 v&nbsp;odst. 1.6.a t\u011bchto obchodn\u00edch podm\u00ednek.<\/p><p class=\"has-small-font-size\">Vyhrazujeme si pr\u00e1vo prov\u00e1d\u011bt p\u0159im\u011b\u0159en\u00e9 zm\u011bny v\u00fdrobk\u016f, kter\u00e9 slou\u017e\u00ed v\u00fdlu\u010dn\u011b ke zlep\u0161en\u00ed v\u00fdrobk\u016f, a to i bez p\u0159edchoz\u00edho ozn\u00e1men\u00ed. Z v\u00fdrobn\u00edch, velikostn\u00edch i technologick\u00fdch d\u016fvod\u016f mohou objednan\u00e9 v\u00fdrobky vykazovat ve srovn\u00e1n\u00ed s dodanou p\u0159edlohou jist\u00e9 odchylky.<\/p><p class=\"has-small-font-size\"><strong>3.&nbsp; Kupn\u00ed cena a jej\u00ed \u00fahrada<\/strong><\/p><p class=\"has-small-font-size\">1.&nbsp;V\u0161echny ceny jsou uveden\u00e9 v \u010desk\u00fdch korun\u00e1ch. \u0158\u00edd\u00ed se aktu\u00e1ln\u00edm orienta\u010dn\u00edm cen\u00edkem a hrub\u00fdm odhadem na p\u0159\u00e1n\u00ed z\u00e1kazn\u00edka. Pro zak\u00e1zkovou v\u00fdrobu plat\u00ed v\u00fdlu\u010dn\u011b ceny orienta\u010dn\u00ed a specifick\u00e9 dle velikosti a n\u00e1ro\u010dnosti jednotliv\u00e9 zak\u00e1zky.<br><br>2.&nbsp; Prod\u00e1vaj\u00edc\u00ed je opr\u00e1vn\u011bn nav\u00fd\u0161it cenu uvedenou v&nbsp;objedn\u00e1vce a\u017e o 20 %, a to z&nbsp;d\u016fvodu vy\u0161\u0161\u00edch vynalo\u017een\u00fdch n\u00e1klad\u016f na suroviny V\u00fdrobku. Pro nav\u00fd\u0161en\u00ed o v\u00edce jak 20 % je Prod\u00e1vaj\u00edc\u00ed opr\u00e1vn\u011bn pouze s&nbsp;v\u00fdslovn\u00fdm souhlasem Kupuj\u00edc\u00edho.<\/p><p class=\"has-small-font-size\">3.&nbsp; Prod\u00e1vaj\u00edc\u00ed je opr\u00e1vn\u011bn po\u017eadovat z\u00e1lohu na kupn\u00ed cenu. Poskytnut\u00e1 z\u00e1loha se zapo\u010d\u00edt\u00e1v\u00e1 na \u00fahradu kupn\u00ed ceny v&nbsp;okam\u017eiku p\u0159evzet\u00ed V\u00fdrobku.<\/p><p class=\"has-small-font-size\">4.&nbsp; \u00dahrada kupn\u00ed ceny je mo\u017en\u00e1:<\/p><p class=\"has-small-font-size\">a. v&nbsp;hotovosti p\u0159i p\u0159evzet\u00ed V\u00fdrobku<br>b. bankovn\u00edm p\u0159evodem p\u0159ed vyzvednut\u00edm V\u00fdrobku&nbsp;&nbsp;<\/p><p class=\"has-small-font-size\"><strong>4. P\u0159ed\u00e1n\u00ed V\u00fdrobku<\/strong><\/p><p class=\"has-small-font-size\">1. Hotov\u00fd V\u00fdrobek si Kupuj\u00edc\u00ed p\u0159eb\u00edr\u00e1 osobn\u011b v&nbsp;m\u00edst\u011b podnik\u00e1n\u00ed Prod\u00e1vaj\u00edc\u00edho. V&nbsp;p\u0159\u00edpad\u011b, \u017ee V\u00fdrobek bude p\u0159eb\u00edrat jin\u00e1 osoba ne\u017e Kupuj\u00edc\u00ed, mus\u00ed Kupuj\u00edc\u00ed Prod\u00e1vaj\u00edc\u00edho o t\u00e9to skute\u010dnosti p\u0159edem vyrozum\u011bt.<\/p><p class=\"has-small-font-size\">2. Vlastnick\u00e9 pr\u00e1vo p\u0159ech\u00e1z\u00ed z&nbsp;Prod\u00e1vaj\u00edc\u00edho na Kupuj\u00edc\u00edho p\u0159evzet\u00edm a zaplacen\u00edm cel\u00e9 kupn\u00ed ceny.<\/p><p class=\"has-small-font-size\"><strong>5. Skladovac\u00ed podm\u00ednky<\/strong><\/p><p class=\"has-small-font-size\">1. Ve\u0161ker\u00e9 V\u00fdrobky Prod\u00e1vaj\u00edc\u00edho jsou skladov\u00e1ny p\u0159i teplot\u011b od +1 \u00b0C do +8 \u00b0C.<\/p><p class=\"has-small-font-size\">2. V\u00fdrobky Prod\u00e1vaj\u00edc\u00edho mus\u00ed b\u00fdt skladov\u00e1ny p\u0159i teplot\u011b od +1 \u00b0C do +8 \u00b0C i po p\u0159evzet\u00ed Kupuj\u00edc\u00edm, a&nbsp;to&nbsp;odd\u011blen\u011b od surovin jin\u00e9ho p\u016fvodu pro zamezen\u00ed kontaminace jin\u00fdmi aromaty a\/nebo mikroorganismy.<\/p><p class=\"has-small-font-size\">3.&nbsp; V p\u0159\u00edpad\u011b, \u017ee nedojde k uskladn\u011bn\u00ed V\u00fdrobku v&nbsp;rozmez\u00ed stanoven\u00fdch teplot\u00e1, hroz\u00ed jeho znehodnocen\u00ed a&nbsp;v&nbsp;tomto p\u0159\u00edpad\u011b se Prod\u00e1vaj\u00edc\u00ed z\u0159\u00edk\u00e1 jak\u00e9koliv odpov\u011bdnosti za vznikl\u00e9 \u0161kody na V\u00fdrobku nebo V\u00fdrobkem zp\u016fsoben\u00e9, a z\u00e1rove\u0148 nen\u00ed ze strany Prod\u00e1vaj\u00edc\u00edho mo\u017en\u00e9 akceptovat p\u0159\u00edpadnou reklamaci.<\/p><p class=\"has-small-font-size\"><strong>7.&nbsp; Pou\u010den\u00ed o l\u00e1tk\u00e1ch<\/strong><\/p><p class=\"has-small-font-size\">Prod\u00e1vaj\u00edc\u00ed v&nbsp;souladu s Na\u0159\u00edzen\u00edm Evropsk\u00e9ho parlamentu a Rady (ES) \u010d.1333\/2008 pou\u010duje Kupuj\u00edc\u00edho, \u017ee&nbsp;potravin\u00e1\u0159sk\u00e1 barviva \u017elu\u0165 SY (E110), chinol\u00ednov\u00e1 \u017elu\u0165 (E104), azorubin (E122), \u010derve\u0148 allura (E129), tatrazin (E102), ponceau 4R (E124), brilantn\u00ed mod\u0159 FCF (E133) obsa\u017een\u00e1 v potravin\u00e1\u0159sk\u00fdch barv\u00e1ch a&nbsp;dal\u0161\u00edch v\u00fdrobc\u00edch mohou nep\u0159\u00edzniv\u011b ovliv\u0148ovat \u010dinnost a pozornost d\u011bt\u00ed.<br><\/p><p class=\"has-small-font-size\"><strong>9.&nbsp; Z\u00e1ruka za jakost<\/strong><\/p><p class=\"has-small-font-size\">1.&nbsp; S&nbsp;ohledem na charakter V\u00fdrobku, jako\u017eto v\u011bci podl\u00e9haj\u00edc\u00ed rychl\u00e9 zk\u00e1ze a jsou ur\u010deny pro okam\u017eitou spot\u0159ebu, Prod\u00e1vaj\u00edc\u00ed poskytuje z\u00e1ruku za&nbsp;jakost p\u0159i spln\u011bn\u00ed skladovac\u00edch podm\u00ednek po dobu \u010dty\u0159iadvaceti (24) hodin od okam\u017eiku p\u0159evzet\u00ed V\u00fdrobku.<\/p><p class=\"has-small-font-size\">2.&nbsp; Prod\u00e1vaj\u00edc\u00ed zde Kupuj\u00edc\u00edho upozor\u0148uje, \u017ee nevhodn\u00e9 skladov\u00e1n\u00ed, zejm\u00e9na v&nbsp;rozporu s&nbsp;pou\u010den\u00edm o&nbsp;skladovac\u00edch podm\u00ednk\u00e1ch dle \u010dl. 6., m\u016f\u017ee v\u00e9st ke zhor\u0161en\u00ed jakosti V\u00fdrobku a v&nbsp;takov\u00e9m p\u0159\u00edpad\u011b z\u00e1ruka Prod\u00e1vaj\u00edc\u00edho za jakost v\u00fdrobku nen\u00ed uplatniteln\u00e1.<\/p><p class=\"has-small-font-size\"><strong>10.&nbsp; Pr\u00e1vo z&nbsp;vadn\u00e9ho pln\u011bn\u00ed \u2013 Reklama\u010dn\u00ed \u0159\u00e1d<\/strong><\/p><p class=\"has-small-font-size\">1. Pr\u00e1vo na vr\u00e1cen\u00ed zbo\u017e\u00ed &#8211; zbo\u017e\u00ed vyroben\u00e9 na zak\u00e1zku nelze vr\u00e1tit, lze je reklamovat z d\u016fvodu v\u00fdrobn\u00edch vad. Ne v\u0161ak z d\u016fvodu nespr\u00e1vn\u00e9ho skladov\u00e1n\u00ed \u010di dopravy.<\/p><p class=\"has-small-font-size\">2. Kupuj\u00edc\u00ed je povinen V\u00fdrobek p\u0159i p\u0159evzet\u00ed d\u016fkladn\u011b zkontrolovat a na p\u0159\u00edpadn\u00e9 zjevn\u00e9 vady Prod\u00e1vaj\u00edc\u00edho upozornit. K&nbsp;pozd\u011bj\u0161\u00edmu ozn\u00e1men\u00ed zjevn\u00fdch vad nebude br\u00e1n z\u0159etel.<\/p><p class=\"has-small-font-size\">3. V&nbsp;p\u0159\u00edpad\u011b, \u017ee Kupuj\u00edc\u00ed zjist\u00ed u V\u00fdrobku vady, kter\u00e9 nelze zjistit kontrolou p\u0159i p\u0159evzet\u00ed, zejm\u00e9na vady v&nbsp;chuti nebo slo\u017een\u00ed, je povinen tuto vadu neprodlen\u011b ozn\u00e1mit Prod\u00e1vaj\u00edc\u00edmu, a to telefonicky na kontakt uveden\u00fd v&nbsp;odst. 1.6.a t\u011bchto obchodn\u00edch podm\u00ednek. K&nbsp;ozn\u00e1men\u00ed u\u010din\u011bn\u00e9mu po uplynut\u00ed z\u00e1ru\u010dn\u00ed doby nebude br\u00e1n z\u0159etel.<\/p><p class=\"has-small-font-size\">4. Prod\u00e1vaj\u00edc\u00ed je s&nbsp;ohledem na vlastnosti V\u00fdrobku u\u010dinit volbu vypo\u0159\u00e1d\u00e1n\u00ed vady V\u00fdrobku, a to:<\/p><p class=\"has-small-font-size\">a. odstran\u011bn\u00edm vady V\u00fdrobku;<\/p><p class=\"has-small-font-size\">b. v\u00fdm\u011bnou V\u00fdrobku;<\/p><p class=\"has-small-font-size\">c. slevou z&nbsp;kupn\u00ed ceny; nebo<\/p><p class=\"has-small-font-size\">d. vr\u00e1cen\u00edm kupn\u00ed ceny.<\/p><p class=\"has-small-font-size\">5. Prod\u00e1vaj\u00edc\u00ed neodpov\u00edd\u00e1 za vady, kter\u00e9 vznikly v&nbsp;d\u016fsledku pokyn\u016f Kupuj\u00edc\u00edho, zejm\u00e9na av\u0161ak nikoliv v\u00fdlu\u010dn\u011b ohledn\u011b slo\u017een\u00ed V\u00fdrobku.<\/p><p class=\"has-small-font-size\"><strong>11. Pr\u00e1vo na prezentaci<\/strong><\/p><p class=\"has-small-font-size\">Dodavatel m\u00e1 pr\u00e1vo pou\u017e\u00edt fotografie v\u00fdrobk\u016f k prezentaci a reklam\u011b tak, aby nebylo po\u0161kozeno dobr\u00e9 jm\u00e9no odb\u011bratele.<\/p><p class=\"has-small-font-size\"><strong>12. Ochrana dat<\/strong><\/p><p class=\"has-small-font-size\">Iva Roh\u00e1\u010dov\u00e1 jako spr\u00e1vce osobn\u00edch \u00fadaj\u016f (d\u00e1le ji\u017e jen \u201espr\u00e1vce\u201c) v souladu s obecn\u00fdm na\u0159\u00edzen\u00edm o ochran\u011b osobn\u00edch \u00fadaj\u016f (General Data Protection Regulation \u2013 GDPR) EU, \u00fa\u010dinn\u00e9ho od 25. 5. 2018 informuje o z\u00e1kladn\u00edch z\u00e1sad\u00e1ch a principech na z\u00e1klad\u011b kter\u00fdch zpracov\u00e1v\u00e1 osobn\u00ed \u00fadaje. Osobn\u00ed \u00fadaje spr\u00e1vce zpracov\u00e1v\u00e1 pouze po nezbytnou dobu.<\/p><p class=\"has-small-font-size\"><strong>13. Z\u00e1v\u011bre\u010dn\u00e1 ujedn\u00e1n\u00ed<\/strong><\/p><p class=\"has-small-font-size\">1. Smlouva mezi Prod\u00e1vaj\u00edc\u00edm a Kupuj\u00edc\u00edm se \u0159\u00edd\u00ed pr\u00e1vn\u00ed \u0159\u00e1dem \u010cesk\u00e9 republiky, zejm\u00e9na pak p\u0159\u00edslu\u0161n\u00fdmi ustanoven\u00edmi o.z.<\/p><p class=\"has-small-font-size\">2. Prod\u00e1vaj\u00edc\u00ed jak\u00e9koliv osobn\u00ed \u00fadaje, kter\u00e9 mu budou sd\u011bleny Kupuj\u00edc\u00edm, u\u017eije v\u00fdhradn\u011b ke spln\u011bn\u00ed Smlouvy, a&nbsp;to zcela v&nbsp;souladu s&nbsp;pr\u00e1vn\u00edmi p\u0159edpisy na ochranu osobn\u00edch \u00fadaj\u016f, a tyto nebude uchov\u00e1vat d\u00e9le, ne\u017e na&nbsp;dobu nezbytn\u011b nutnou pro napln\u011bn\u00ed v\u0161ech jeho z\u00e1konn\u00fdch povinnost\u00ed.<\/p><p class=\"has-small-font-size\">3. Zm\u011bny obchodn\u00edch podm\u00ednek nebo Smlouvy mohou b\u00fdt \u010din\u011bny pouze p\u00edsemn\u011b.<\/p><p class=\"has-small-font-size\">4. Zm\u011bna obchodn\u00edch podm\u00ednek je \u00fa\u010dinn\u00e1 dnem jejich uve\u0159ejn\u011bn\u00ed na webov\u00fdch str\u00e1nk\u00e1ch Prod\u00e1vaj\u00edc\u00edho.<\/p><p class=\"has-small-font-size\">Obchodn\u00ed podm\u00ednky vstupuj\u00ed v platnost dne 1. 12. 2020<\/p>","protected":false},"excerpt":{"rendered":"<p>V\u0161eobecn\u00e9 obchodn\u00ed podm\u00ednky platn\u00e9 pro kurzy&nbsp; 1. \u00davodn\u00ed ujedn\u00e1n\u00ed 1. Tyto obchodn\u00ed podm\u00ednky (d\u00e1le jen \u201eobchodn\u00ed podm\u00ednky\u201c) upravuj\u00ed v&nbsp;souladu s&nbsp;ustanoven\u00edm \u00a7&nbsp;1751 z\u00e1kona \u010d. 89\/2012 Sb., ob\u010dansk\u00fd z\u00e1kon\u00edk ve zn\u011bn\u00ed pozd\u011bj\u0161\u00edch p\u0159edpis\u016f (d\u00e1le jen \u201eo.z.\u201c) vz\u00e1jemn\u00e1 pr\u00e1va a povinnosti smluvn\u00edch stran vznikl\u00e9 v&nbsp;souvislosti nebo na z\u00e1klad\u011b kupn\u00ed smlouvy (d\u00e1le jen \u201eSmlouva\u201c) mezi Ivou Roh\u00e1\u010dovou, I\u010c:&nbsp;68272073, se&nbsp;s\u00eddlem [&hellip;]<\/p>\n","protected":false},"author":1,"featured_media":0,"parent":0,"menu_order":0,"comment_status":"closed","ping_status":"closed","template":"","meta":{"footnotes":""},"class_list":["post-191","page","type-page","status-publish","hentry"],"jetpack_sharing_enabled":true,"_links":{"self":[{"href":"https:\/\/www.pastryart.cz\/index.php?rest_route=\/wp\/v2\/pages\/191","targetHints":{"allow":["GET"]}}],"collection":[{"href":"https:\/\/www.pastryart.cz\/index.php?rest_route=\/wp\/v2\/pages"}],"about":[{"href":"https:\/\/www.pastryart.cz\/index.php?rest_route=\/wp\/v2\/types\/page"}],"author":[{"embeddable":true,"href":"https:\/\/www.pastryart.cz\/index.php?rest_route=\/wp\/v2\/users\/1"}],"replies":[{"embeddable":true,"href":"https:\/\/www.pastryart.cz\/index.php?rest_route=%2Fwp%2Fv2%2Fcomments&post=191"}],"version-history":[{"count":3,"href":"https:\/\/www.pastryart.cz\/index.php?rest_route=\/wp\/v2\/pages\/191\/revisions"}],"predecessor-version":[{"id":497,"href":"https:\/\/www.pastryart.cz\/index.php?rest_route=\/wp\/v2\/pages\/191\/revisions\/497"}],"wp:attachment":[{"href":"https:\/\/www.pastryart.cz\/index.php?rest_route=%2Fwp%2Fv2%2Fmedia&parent=191"}],"curies":[{"name":"wp","href":"https:\/\/api.w.org\/{rel}","templated":true}]}}